{"id":804,"date":"2024-04-23T14:44:00","date_gmt":"2024-04-23T14:44:00","guid":{"rendered":"http:\/\/matthieuburger.test\/actualites\/"},"modified":"2025-08-06T08:20:49","modified_gmt":"2025-08-06T08:20:49","slug":"actualites","status":"publish","type":"page","link":"https:\/\/matthieuburger.ch\/fr\/actualites\/","title":{"rendered":"Actualit\u00e9s"},"content":{"rendered":"\n<div class=\"c-container c-teaser-news  wp-block-acf-general-news\">\n    <div class=\"c-row\">\n\t\t\n<div class=\"c-col-6\">\n    <article class=\"c-teaser-item \">\n\t\t            <figure class=\"c-teaser-img c-ratiobox c-ratiobox-news\">\n\t\t\t\t<img loading=\"lazy\" decoding=\"async\" width=\"432\" height=\"195\" src=\"https:\/\/matthieuburger.ch\/wp-content\/uploads\/sites\/12\/2026\/04\/la-semaine.png\" class=\"attachment-large size-large wp-post-image\" alt=\"\" \/>            <\/figure>\n\t\t        <div class=\"c-teaser-text c-text-block\">\n            <span class=\"c-category-title c-text-small\"><span class=\"c-category-title-date\">01.04.2026<\/span><span class=\"c-category-categories\">Presse<\/span><\/span>\n            <h3>\n                <a class=\"c-teaser-link\" href=\"https:\/\/matthieuburger.ch\/wp-content\/uploads\/sites\/12\/2026\/04\/09_11mars_26_p10.pdf\" target=\"_blank\">\n\t\t\t\t\tDeux Burger pour mettre les jeunes en app\u00e9tit                <\/a>\n            <\/h3>\n\t\t\t            <span class=\"c-icon c-link-icon c-link-download\">La Semaine 11.03.26 (PDF 1392 KB)<\/span>\n        <\/div>\n    <\/article>\n<\/div>\n<div class=\"c-col-6\">\n    <article class=\"c-teaser-item \">\n\t\t            <figure class=\"c-teaser-img c-ratiobox c-ratiobox-news\">\n\t\t\t\t<img loading=\"lazy\" decoding=\"async\" width=\"529\" height=\"291\" src=\"https:\/\/matthieuburger.ch\/wp-content\/uploads\/sites\/12\/2026\/04\/jdj-30.12.25.png\" class=\"attachment-large size-large wp-post-image\" alt=\"\" \/>            <\/figure>\n\t\t        <div class=\"c-teaser-text c-text-block\">\n            <span class=\"c-category-title c-text-small\"><span class=\"c-category-title-date\">01.01.2026<\/span><span class=\"c-category-categories\">Presse<\/span><\/span>\n            <h3>\n                <a class=\"c-teaser-link\" href=\"https:\/\/matthieuburger.ch\/wp-content\/uploads\/sites\/12\/2026\/04\/Journal-du-Jura-30.12.25.pdf\" target=\"_blank\">\n\t\t\t\t\tR\u00e9trospective 2025 &#8211; Deux fr\u00e8res partagent des \u00e9motions folles \u00e0 la F\u00eate f\u00e9d\u00e9rale                <\/a>\n            <\/h3>\n\t\t\t            <span class=\"c-icon c-link-icon c-link-download\">Journal du Jura 30.12.25 (PDF 903 KB)<\/span>\n        <\/div>\n    <\/article>\n<\/div>\n<div class=\"c-col-6\">\n    <article class=\"c-teaser-item \">\n\t\t            <figure class=\"c-teaser-img c-ratiobox c-ratiobox-news\">\n\t\t\t\t<img loading=\"lazy\" decoding=\"async\" width=\"433\" height=\"248\" src=\"https:\/\/matthieuburger.ch\/wp-content\/uploads\/sites\/12\/2025\/09\/la-semaine-10.09.25.png\" class=\"attachment-large size-large wp-post-image\" alt=\"\" \/>            <\/figure>\n\t\t        <div class=\"c-teaser-text c-text-block\">\n            <span class=\"c-category-title c-text-small\"><span class=\"c-category-title-date\">18.09.2025<\/span><span class=\"c-category-categories\">Presse<\/span><\/span>\n            <h3>\n                <a class=\"c-teaser-link\" href=\"https:\/\/matthieuburger.ch\/wp-content\/uploads\/sites\/12\/2025\/09\/La-Semaine-10.09.25.pdf\" target=\"_blank\">\n\t\t\t\t\tLes fr\u00e8res Burger accueillis en h\u00e9ros                <\/a>\n            <\/h3>\n\t\t\t            <span class=\"c-icon c-link-icon c-link-download\">La Semaine 10.09.25 (PDF 1304 KB)<\/span>\n        <\/div>\n    <\/article>\n<\/div>\n<div class=\"c-col-6\">\n    <article class=\"c-teaser-item \">\n\t\t            <figure class=\"c-teaser-img c-ratiobox c-ratiobox-news\">\n\t\t\t\t<img loading=\"lazy\" decoding=\"async\" width=\"524\" height=\"326\" src=\"https:\/\/matthieuburger.ch\/wp-content\/uploads\/sites\/12\/2025\/09\/jdj-06.09.25.png\" class=\"attachment-large size-large wp-post-image\" alt=\"\" \/>            <\/figure>\n\t\t        <div class=\"c-teaser-text c-text-block\">\n            <span class=\"c-category-title c-text-small\"><span class=\"c-category-title-date\">18.09.2025<\/span><span class=\"c-category-categories\">Presse<\/span><\/span>\n            <h3>\n                <a class=\"c-teaser-link\" href=\"https:\/\/matthieuburger.ch\/wp-content\/uploads\/sites\/12\/2025\/09\/Journal-du-Jura-06.09.25.pdf\" target=\"_blank\">\n\t\t\t\t\tLa force et l&rsquo;humilit\u00e9 sacr\u00e9es lors de la soir\u00e9e des talents                <\/a>\n            <\/h3>\n\t\t\t            <span class=\"c-icon c-link-icon c-link-download\">Journal du Jura 06.09.25 (PDF 899 KB)<\/span>\n        <\/div>\n    <\/article>\n<\/div>\n<div class=\"c-col-6\">\n    <article class=\"c-teaser-item \">\n\t\t            <figure class=\"c-teaser-img c-ratiobox c-ratiobox-news\">\n\t\t\t\t<img loading=\"lazy\" decoding=\"async\" width=\"563\" height=\"586\" src=\"https:\/\/matthieuburger.ch\/wp-content\/uploads\/sites\/12\/2025\/09\/mb-01.09.25-1.png\" class=\"attachment-large size-large wp-post-image\" alt=\"\" \/>            <\/figure>\n\t\t        <div class=\"c-teaser-text c-text-block\">\n            <span class=\"c-category-title c-text-small\"><span class=\"c-category-title-date\">02.09.2025<\/span><span class=\"c-category-categories\">Presse<\/span><\/span>\n            <h3>\n                <a class=\"c-teaser-link\" href=\"https:\/\/matthieuburger.ch\/wp-content\/uploads\/sites\/12\/2025\/09\/Journal-du-Jura-01.09.25.pdf\" target=\"_blank\">\n\t\t\t\t\tLes super Burger de Mollis &#8211; Carton plein pour la fratrie Burger \u00e0 la F\u00eate f\u00e9d\u00e9rale o\u00f9 Matthieu et Etienne ont d\u00e9croch\u00e9 une couronne                <\/a>\n            <\/h3>\n\t\t\t            <span class=\"c-icon c-link-icon c-link-download\">Journal du Jura 01.09.25 (PDF 798 KB)<\/span>\n        <\/div>\n    <\/article>\n<\/div>\n<div class=\"c-col-6\">\n    <article class=\"c-teaser-item \">\n\t\t            <figure class=\"c-teaser-img c-ratiobox c-ratiobox-news\">\n\t\t\t\t<img loading=\"lazy\" decoding=\"async\" width=\"1072\" height=\"815\" src=\"https:\/\/matthieuburger.ch\/wp-content\/uploads\/sites\/12\/2025\/09\/mb-29.08.25.png\" class=\"attachment-large size-large wp-post-image\" alt=\"\" srcset=\"https:\/\/matthieuburger.ch\/wp-content\/uploads\/sites\/12\/2025\/09\/mb-29.08.25.png 1072w, https:\/\/matthieuburger.ch\/wp-content\/uploads\/sites\/12\/2025\/09\/mb-29.08.25-600x456.png 600w, https:\/\/matthieuburger.ch\/wp-content\/uploads\/sites\/12\/2025\/09\/mb-29.08.25-768x584.png 768w\" sizes=\"auto, (max-width: 1072px) 100vw, 1072px\" \/>            <\/figure>\n\t\t        <div class=\"c-teaser-text c-text-block\">\n            <span class=\"c-category-title c-text-small\"><span class=\"c-category-title-date\">02.09.2025<\/span><span class=\"c-category-categories\">Presse<\/span><\/span>\n            <h3>\n                <a class=\"c-teaser-link\" href=\"https:\/\/matthieuburger.ch\/wp-content\/uploads\/sites\/12\/2025\/09\/Journal-du-Jura-29.08.25.pdf\" target=\"_blank\">\n\t\t\t\t\tDe retour \u00e0 temps pour les \u00ab\u00a0JO de la lutte\u00a0\u00bb &#8211; Aucune pression pour sa troisi\u00e8me \u00ab\u00a0F\u00e9d\u00e9rale\u00a0\u00bb                <\/a>\n            <\/h3>\n\t\t\t            <span class=\"c-icon c-link-icon c-link-download\">Journal du Jura 29.08.25 (PDF 936 KB)<\/span>\n        <\/div>\n    <\/article>\n<\/div>\n<div class=\"c-col-6\">\n    <article class=\"c-teaser-item \">\n\t\t            <figure class=\"c-teaser-img c-ratiobox c-ratiobox-news\">\n\t\t\t\t<img loading=\"lazy\" decoding=\"async\" width=\"900\" height=\"1200\" src=\"https:\/\/matthieuburger.ch\/wp-content\/uploads\/sites\/12\/2025\/08\/luederen-2-900x1200.jpg\" class=\"attachment-large size-large wp-post-image\" alt=\"\" srcset=\"https:\/\/matthieuburger.ch\/wp-content\/uploads\/sites\/12\/2025\/08\/luederen-2-900x1200.jpg 900w, https:\/\/matthieuburger.ch\/wp-content\/uploads\/sites\/12\/2025\/08\/luederen-2-450x600.jpg 450w, https:\/\/matthieuburger.ch\/wp-content\/uploads\/sites\/12\/2025\/08\/luederen-2-768x1024.jpg 768w, https:\/\/matthieuburger.ch\/wp-content\/uploads\/sites\/12\/2025\/08\/luederen-2-1152x1536.jpg 1152w, https:\/\/matthieuburger.ch\/wp-content\/uploads\/sites\/12\/2025\/08\/luederen-2-rotated.jpg 1512w\" sizes=\"auto, (max-width: 900px) 100vw, 900px\" \/>            <\/figure>\n\t\t        <div class=\"c-teaser-text c-text-block\">\n            <span class=\"c-category-title c-text-small\"><span class=\"c-category-title-date\">12.08.2025<\/span><span class=\"c-category-categories\">Presse<\/span><\/span>\n            <h3>\n                <a class=\"c-teaser-link\" href=\"https:\/\/matthieuburger.ch\/wp-content\/uploads\/sites\/12\/2025\/08\/Journal-du-Jura-12.08.25.pdf\" target=\"_blank\">\n\t\t\t\t\tMatthieu Burger signe un retour concluant dans la sciure                <\/a>\n            <\/h3>\n\t\t\t            <span class=\"c-icon c-link-icon c-link-download\">Journal du Jura 12.08.25 (PDF 840 KB)<\/span>\n        <\/div>\n    <\/article>\n<\/div>\n<div class=\"c-col-6\">\n    <article class=\"c-teaser-item \">\n\t\t            <figure class=\"c-teaser-img c-ratiobox c-ratiobox-news\">\n\t\t\t\t<img loading=\"lazy\" decoding=\"async\" width=\"800\" height=\"600\" src=\"https:\/\/matthieuburger.ch\/wp-content\/uploads\/sites\/12\/2025\/05\/news-canal-alpha.png\" class=\"attachment-large size-large wp-post-image\" alt=\"\" srcset=\"https:\/\/matthieuburger.ch\/wp-content\/uploads\/sites\/12\/2025\/05\/news-canal-alpha.png 800w, https:\/\/matthieuburger.ch\/wp-content\/uploads\/sites\/12\/2025\/05\/news-canal-alpha-600x450.png 600w, https:\/\/matthieuburger.ch\/wp-content\/uploads\/sites\/12\/2025\/05\/news-canal-alpha-768x576.png 768w\" sizes=\"auto, (max-width: 800px) 100vw, 800px\" \/>            <\/figure>\n\t\t        <div class=\"c-teaser-text c-text-block\">\n            <span class=\"c-category-title c-text-small\"><span class=\"c-category-title-date\">07.05.2025<\/span><span class=\"c-category-categories\">Non classifi\u00e9(e)<\/span><\/span>\n            <h3>\n                <a class=\"c-teaser-link\" href=\"https:\/\/matthieuburger.ch\/fr\/comment-matthieu-trouve-t-il-le-moyen-dallier-sa-foi-a-sa-force-physique\/\" target=\"_self\">\n\t\t\t\t\tMagazine \u00abMa foi c\u2019est comme \u00e7a \u00bb r\u00e9alis\u00e9 par Canal Alpha le 30.04.25\u00bb                 <\/a>\n            <\/h3>\n\t\t\t            <span class=\"c-icon c-link-icon c-link-arrow\">En savoir plus<\/span>\n        <\/div>\n    <\/article>\n<\/div>\n<div class=\"c-col-6\">\n    <article class=\"c-teaser-item \">\n\t\t            <figure class=\"c-teaser-img c-ratiobox c-ratiobox-news\">\n\t\t\t\t<img loading=\"lazy\" decoding=\"async\" width=\"925\" height=\"642\" src=\"https:\/\/matthieuburger.ch\/wp-content\/uploads\/sites\/12\/2025\/05\/photo-annonce-blessure-1.png\" class=\"attachment-large size-large wp-post-image\" alt=\"\" srcset=\"https:\/\/matthieuburger.ch\/wp-content\/uploads\/sites\/12\/2025\/05\/photo-annonce-blessure-1.png 925w, https:\/\/matthieuburger.ch\/wp-content\/uploads\/sites\/12\/2025\/05\/photo-annonce-blessure-1-600x416.png 600w, https:\/\/matthieuburger.ch\/wp-content\/uploads\/sites\/12\/2025\/05\/photo-annonce-blessure-1-768x533.png 768w\" sizes=\"auto, (max-width: 925px) 100vw, 925px\" \/>            <\/figure>\n\t\t        <div class=\"c-teaser-text c-text-block\">\n            <span class=\"c-category-title c-text-small\"><span class=\"c-category-title-date\">06.05.2025<\/span><span class=\"c-category-categories\">Actualit\u00e9s<\/span><\/span>\n            <h3>\n                <a class=\"c-teaser-link\" href=\"https:\/\/matthieuburger.ch\/fr\/matthieu-blesse-verletzt-indisponibilite-indeterminee-auf-unbesbestimmte-zeit-ausser-gefecht\/\" target=\"_self\">\n\t\t\t\t\tMatthieu bless\u00e9\/verletzt &#8211; indisponibilit\u00e9 ind\u00e9termin\u00e9e\/auf unbesbestimmte Zeit ausser Gefecht                <\/a>\n            <\/h3>\n\t\t\t            <span class=\"c-icon c-link-icon c-link-arrow\">En savoir plus<\/span>\n        <\/div>\n    <\/article>\n<\/div>\n<div class=\"c-col-6\">\n    <article class=\"c-teaser-item \">\n\t\t            <figure class=\"c-teaser-img c-ratiobox c-ratiobox-news\">\n\t\t\t\t<img loading=\"lazy\" decoding=\"async\" width=\"546\" height=\"485\" src=\"https:\/\/matthieuburger.ch\/wp-content\/uploads\/sites\/12\/2025\/03\/phota-adaptation.png\" class=\"attachment-large size-large wp-post-image\" alt=\"\" \/>            <\/figure>\n\t\t        <div class=\"c-teaser-text c-text-block\">\n            <span class=\"c-category-title c-text-small\"><span class=\"c-category-title-date\">19.03.2025<\/span><span class=\"c-category-categories\">Unkategorisiert<\/span><\/span>\n            <h3>\n                <a class=\"c-teaser-link\" href=\"https:\/\/matthieuburger.ch\/wp-content\/uploads\/sites\/12\/2025\/03\/journal-du-jura-12.03.25-2.pdf\" target=\"_blank\">\n\t\t\t\t\tForg\u00e9 par l&rsquo;arm\u00e9e pour briller                <\/a>\n            <\/h3>\n\t\t\t            <span class=\"c-icon c-link-icon c-link-download\">Journal du jura 12.03.25 2 (PDF 1011 KB)<\/span>\n        <\/div>\n    <\/article>\n<\/div>\n<div class=\"c-col-6\">\n    <article class=\"c-teaser-item \">\n\t\t            <figure class=\"c-teaser-img c-ratiobox c-ratiobox-news\">\n\t\t\t\t<img loading=\"lazy\" decoding=\"async\" width=\"1\" height=\"1\" src=\"https:\/\/matthieuburger.ch\/wp-content\/uploads\/sites\/12\/2024\/11\/logo-armee.svg\" class=\"attachment-large size-large wp-post-image\" alt=\"Spitzensport Schweizer Armee\" \/>            <\/figure>\n\t\t        <div class=\"c-teaser-text c-text-block\">\n            <span class=\"c-category-title c-text-small\"><span class=\"c-category-title-date\">04.11.2024<\/span><span class=\"c-category-categories\">Non classifi\u00e9(e)<\/span><\/span>\n            <h3>\n                <a class=\"c-teaser-link\" href=\"https:\/\/matthieuburger.ch\/wp-content\/uploads\/sites\/12\/2024\/11\/biel-bienne-29.10.24.pdf\" target=\"_blank\">\n\t\t\t\t\tAthl\u00e8tes et arm\u00e9e font bon m\u00e9nage                <\/a>\n            <\/h3>\n\t\t\t            <span class=\"c-icon c-link-icon c-link-download\">Biel Bienne 29.10.24 (PDF 285 KB)<\/span>\n        <\/div>\n    <\/article>\n<\/div>\n<div class=\"c-col-6\">\n    <article class=\"c-teaser-item \">\n\t\t            <figure class=\"c-teaser-img c-ratiobox c-ratiobox-news\">\n\t\t\t\t<img loading=\"lazy\" decoding=\"async\" width=\"1200\" height=\"800\" src=\"https:\/\/matthieuburger.ch\/wp-content\/uploads\/sites\/12\/2024\/09\/ALO6506-1200x800.jpg\" class=\"attachment-large size-large wp-post-image\" alt=\"\" srcset=\"https:\/\/matthieuburger.ch\/wp-content\/uploads\/sites\/12\/2024\/09\/ALO6506-1200x800.jpg 1200w, https:\/\/matthieuburger.ch\/wp-content\/uploads\/sites\/12\/2024\/09\/ALO6506-600x400.jpg 600w, https:\/\/matthieuburger.ch\/wp-content\/uploads\/sites\/12\/2024\/09\/ALO6506-768x512.jpg 768w\" sizes=\"auto, (max-width: 1200px) 100vw, 1200px\" \/>            <\/figure>\n\t\t        <div class=\"c-teaser-text c-text-block\">\n            <span class=\"c-category-title c-text-small\"><span class=\"c-category-title-date\">10.09.2024<\/span><span class=\"c-category-categories\">Non classifi\u00e9(e)<\/span><\/span>\n            <h3>\n                <a class=\"c-teaser-link\" href=\"https:\/\/matthieuburger.ch\/wp-content\/uploads\/sites\/12\/2024\/09\/journal-du-jura-10.09.24.pdf\" target=\"_blank\">\n\t\t\t\t\tUne saison pleine de r\u00e9jouissances                <\/a>\n            <\/h3>\n\t\t\t            <span class=\"c-icon c-link-icon c-link-download\">Journal du Jura 10.09.24 (PDF 1549 KB)<\/span>\n        <\/div>\n    <\/article>\n<\/div>\n<div class=\"c-col-6\">\n    <article class=\"c-teaser-item c-teaser-item__no-image\">\n\t\t        <div class=\"c-teaser-text c-text-block\">\n            <span class=\"c-category-title c-text-small\"><span class=\"c-category-title-date\">25.06.2024<\/span><span class=\"c-category-categories\">Non classifi\u00e9(e)<\/span><\/span>\n            <h3>\n                <a class=\"c-teaser-link\" href=\"https:\/\/matthieuburger.ch\/wp-content\/uploads\/sites\/12\/2024\/07\/journal-du-jura-25-06-24.pdf\" target=\"_blank\">\n\t\t\t\t\tDes lauriers pour les fr\u00e8res Burger                <\/a>\n            <\/h3>\n\t\t\t            <span class=\"c-icon c-link-icon c-link-download\">journal-du-jura-25-06-24 (PDF 934 KB)<\/span>\n        <\/div>\n    <\/article>\n<\/div>    <\/div>\n<\/div>","protected":false},"excerpt":{"rendered":"","protected":false},"author":2,"featured_media":0,"parent":0,"menu_order":0,"comment_status":"closed","ping_status":"closed","template":"","meta":{"_acf_changed":false,"footnotes":""},"class_list":["post-804","page","type-page","status-publish","hentry"],"acf":[],"_links":{"self":[{"href":"https:\/\/matthieuburger.ch\/fr\/wp-json\/wp\/v2\/pages\/804","targetHints":{"allow":["GET"]}}],"collection":[{"href":"https:\/\/matthieuburger.ch\/fr\/wp-json\/wp\/v2\/pages"}],"about":[{"href":"https:\/\/matthieuburger.ch\/fr\/wp-json\/wp\/v2\/types\/page"}],"author":[{"embeddable":true,"href":"https:\/\/matthieuburger.ch\/fr\/wp-json\/wp\/v2\/users\/2"}],"replies":[{"embeddable":true,"href":"https:\/\/matthieuburger.ch\/fr\/wp-json\/wp\/v2\/comments?post=804"}],"version-history":[{"count":2,"href":"https:\/\/matthieuburger.ch\/fr\/wp-json\/wp\/v2\/pages\/804\/revisions"}],"predecessor-version":[{"id":842,"href":"https:\/\/matthieuburger.ch\/fr\/wp-json\/wp\/v2\/pages\/804\/revisions\/842"}],"wp:attachment":[{"href":"https:\/\/matthieuburger.ch\/fr\/wp-json\/wp\/v2\/media?parent=804"}],"curies":[{"name":"wp","href":"https:\/\/api.w.org\/{rel}","templated":true}]}}